{"id":23958,"date":"2025-05-07T12:12:20","date_gmt":"2025-05-07T10:12:20","guid":{"rendered":"https:\/\/www.campingchamplachevre.com\/verhuur\/"},"modified":"2025-09-29T15:27:21","modified_gmt":"2025-09-29T13:27:21","slug":"verhuur","status":"publish","type":"page","link":"https:\/\/www.campingchamplachevre.com\/nl\/verhuur\/","title":{"rendered":"Verhuur"},"content":{"rendered":"<div class=\"diaporama-header align-full\"><div class=\"gallery\"><figure class=\"gallery__item\"><picture><source srcset=\"https:\/\/www.campingchamplachevre.com\/wp-content\/uploads\/2025\/05\/477-hebergement-lodge-confort-ext-1920x1080-2-420x280.webp\" media=\"(max-width: 210px)\"><source srcset=\"https:\/\/www.campingchamplachevre.com\/wp-content\/uploads\/2025\/05\/477-hebergement-lodge-confort-ext-1920x1080-2-850x567.webp\" media=\"(max-width: 420px)\"><source srcset=\"https:\/\/www.campingchamplachevre.com\/wp-content\/uploads\/2025\/05\/477-hebergement-lodge-confort-ext-1920x1080-2-768x512.webp\" media=\"(max-width: 850px)\"><source srcset=\"https:\/\/www.campingchamplachevre.com\/wp-content\/uploads\/2025\/05\/477-hebergement-lodge-confort-ext-1920x1080-2-1024x683.webp\" media=\"(max-width: 1024px)\"><source srcset=\"https:\/\/www.campingchamplachevre.com\/wp-content\/uploads\/2025\/05\/477-hebergement-lodge-confort-ext-1920x1080-2.webp\" media=\"(min-width: 1025px)\"><img loading=\"lazy\" decoding=\"async\" src=\"https:\/\/www.campingchamplachevre.com\/wp-content\/uploads\/2025\/05\/477-hebergement-lodge-confort-ext-1920x1080-2-420x280.webp\" width=\"420\" height=\"210\" alt=\"\" title=\"\"><\/picture><\/figure><\/div><div class=\"diaporama-header__inner\"><\/div><\/div><div class=\"group sec-00\"><div class=\"group sec-00__heading\"><h1 style=\"color: var(--marron);\">Jouw vakantiehuis in de Dr\u00f4me voor 100% plezier en natuur<\/h1><\/div><div class=\"group sec-00__texte\"><p    >Camping Champ la Ch\u00e8vre is ideaal gelegen op het geklasseerde terrein Vallon de la Jarjatte en biedt kwaliteitsaccommodaties voor een onvergetelijke vakantie. Je kunt er genieten van de prachtige zon van de Dr\u00f4me en tegelijkertijd profiteren van de koelte die de hoogte van de Alpen je biedt. <\/p><div class=\"lireplus fc-mob\"><p    >Meer lezen<\/p><div class=\"group\"><p    >In een uitzonderlijke natuurlijke omgeving, kalm en ontspannend, biedt elke accommodatie comfort en welzijn. Onze accommodaties zijn geschikt voor alle budgetten en kunnen worden aangepast aan je wensen en behoeften. Onze chalets, cottages en ongewone accommodaties zullen aan al je verwachtingen voldoen. Onze comfortabele en goed uitgeruste accommodaties zijn geschikt voor maximaal 8 personen.   <\/p><div class=\"lireplus fc-desk\"><p    >Meer lezen<\/p><div class=\"group\"><p    >Op zoek naar een ongewone accommodatie voor je verblijf dicht bij de natuur? Het ideale compromis tussen kamperen en stacaravans, de Coco tent en de Lodge tent. <\/p><\/div><\/div><\/div><\/div><\/div><div class=\"buttons\"><span class=\"buttons__btn btn-resa btn-resa-loc is-style-resa\">Boek<\/span><\/div><figure class=\"fade-right\"><picture><source srcset=\"https:\/\/www.campingchamplachevre.com\/wp-content\/uploads\/2025\/05\/956-hebergement-champ-chevre-ld-2024-026-1920x1080-1-420x254.webp\" media=\"(max-width: 210px)\"><source srcset=\"https:\/\/www.campingchamplachevre.com\/wp-content\/uploads\/2025\/05\/956-hebergement-champ-chevre-ld-2024-026-1920x1080-1-850x513.webp\" media=\"(max-width: 420px)\"><source srcset=\"https:\/\/www.campingchamplachevre.com\/wp-content\/uploads\/2025\/05\/956-hebergement-champ-chevre-ld-2024-026-1920x1080-1-768x464.webp\" media=\"(max-width: 850px)\"><source srcset=\"https:\/\/www.campingchamplachevre.com\/wp-content\/uploads\/2025\/05\/956-hebergement-champ-chevre-ld-2024-026-1920x1080-1-1024x619.webp\" media=\"(max-width: 1024px)\"><source srcset=\"https:\/\/www.campingchamplachevre.com\/wp-content\/uploads\/2025\/05\/956-hebergement-champ-chevre-ld-2024-026-1920x1080-1.webp\" media=\"(min-width: 1025px)\"><img decoding=\"async\" src=\"https:\/\/www.campingchamplachevre.com\/wp-content\/uploads\/2025\/05\/956-hebergement-champ-chevre-ld-2024-026-1920x1080-1-420x254.webp\" width=\"420\" height=\"210\" loading=\"lazy\" alt=\"\" title=\"\"><\/picture><\/figure><figure class=\"fade-down\"><picture><source srcset=\"https:\/\/www.campingchamplachevre.com\/wp-content\/uploads\/2025\/05\/916-galerie-champ-chevre-ld-2024-027-420x271.webp\" media=\"(max-width: 210px)\"><source srcset=\"https:\/\/www.campingchamplachevre.com\/wp-content\/uploads\/2025\/05\/916-galerie-champ-chevre-ld-2024-027-850x549.webp\" media=\"(max-width: 420px)\"><source srcset=\"https:\/\/www.campingchamplachevre.com\/wp-content\/uploads\/2025\/05\/916-galerie-champ-chevre-ld-2024-027-768x496.webp\" media=\"(max-width: 850px)\"><source srcset=\"https:\/\/www.campingchamplachevre.com\/wp-content\/uploads\/2025\/05\/916-galerie-champ-chevre-ld-2024-027-1024x662.webp\" media=\"(max-width: 1024px)\"><source srcset=\"https:\/\/www.campingchamplachevre.com\/wp-content\/uploads\/2025\/05\/916-galerie-champ-chevre-ld-2024-027.webp\" media=\"(min-width: 1025px)\"><img decoding=\"async\" src=\"https:\/\/www.campingchamplachevre.com\/wp-content\/uploads\/2025\/05\/916-galerie-champ-chevre-ld-2024-027-420x271.webp\" width=\"420\" height=\"210\" loading=\"lazy\" alt=\"\" title=\"\"><\/picture><\/figure><figure class=\"fade-left\"><picture><source srcset=\"https:\/\/www.campingchamplachevre.com\/wp-content\/uploads\/2025\/05\/921-galerie-champ-chevre-ld-2024-066-420x280.webp\" media=\"(max-width: 210px)\"><source srcset=\"https:\/\/www.campingchamplachevre.com\/wp-content\/uploads\/2025\/05\/921-galerie-champ-chevre-ld-2024-066-850x567.webp\" media=\"(max-width: 420px)\"><source srcset=\"https:\/\/www.campingchamplachevre.com\/wp-content\/uploads\/2025\/05\/921-galerie-champ-chevre-ld-2024-066-768x512.webp\" media=\"(max-width: 850px)\"><source srcset=\"https:\/\/www.campingchamplachevre.com\/wp-content\/uploads\/2025\/05\/921-galerie-champ-chevre-ld-2024-066-1024x683.webp\" media=\"(max-width: 1024px)\"><source srcset=\"https:\/\/www.campingchamplachevre.com\/wp-content\/uploads\/2025\/05\/921-galerie-champ-chevre-ld-2024-066.webp\" media=\"(min-width: 1025px)\"><img decoding=\"async\" src=\"https:\/\/www.campingchamplachevre.com\/wp-content\/uploads\/2025\/05\/921-galerie-champ-chevre-ld-2024-066-420x280.webp\" width=\"420\" height=\"210\" style=\"object-fit:cover;\" loading=\"lazy\" alt=\"\" title=\"\"><\/picture><\/figure><figure class=\"fade-right\"><picture><source srcset=\"https:\/\/www.campingchamplachevre.com\/wp-content\/uploads\/2025\/05\/965-hebergement-champ-chevre-2018-0001-1920x1080-1-420x273.webp\" media=\"(max-width: 210px)\"><source srcset=\"https:\/\/www.campingchamplachevre.com\/wp-content\/uploads\/2025\/05\/965-hebergement-champ-chevre-2018-0001-1920x1080-1-850x552.webp\" media=\"(max-width: 420px)\"><source srcset=\"https:\/\/www.campingchamplachevre.com\/wp-content\/uploads\/2025\/05\/965-hebergement-champ-chevre-2018-0001-1920x1080-1-768x499.webp\" media=\"(max-width: 850px)\"><source srcset=\"https:\/\/www.campingchamplachevre.com\/wp-content\/uploads\/2025\/05\/965-hebergement-champ-chevre-2018-0001-1920x1080-1-1024x665.webp\" media=\"(max-width: 1024px)\"><source srcset=\"https:\/\/www.campingchamplachevre.com\/wp-content\/uploads\/2025\/05\/965-hebergement-champ-chevre-2018-0001-1920x1080-1.webp\" media=\"(min-width: 1025px)\"><img decoding=\"async\" src=\"https:\/\/www.campingchamplachevre.com\/wp-content\/uploads\/2025\/05\/965-hebergement-champ-chevre-2018-0001-1920x1080-1-420x273.webp\" width=\"420\" height=\"210\" loading=\"lazy\" alt=\"\" title=\"\"><\/picture><\/figure><figure class=\"fade-up\"><picture><source srcset=\"https:\/\/www.campingchamplachevre.com\/wp-content\/uploads\/2025\/05\/949-hebergement-champ-chevre-ld-2024-037-1920x1080-2-420x270.webp\" media=\"(max-width: 210px)\"><source srcset=\"https:\/\/www.campingchamplachevre.com\/wp-content\/uploads\/2025\/05\/949-hebergement-champ-chevre-ld-2024-037-1920x1080-2-850x547.webp\" media=\"(max-width: 420px)\"><source srcset=\"https:\/\/www.campingchamplachevre.com\/wp-content\/uploads\/2025\/05\/949-hebergement-champ-chevre-ld-2024-037-1920x1080-2-768x494.webp\" media=\"(max-width: 850px)\"><source srcset=\"https:\/\/www.campingchamplachevre.com\/wp-content\/uploads\/2025\/05\/949-hebergement-champ-chevre-ld-2024-037-1920x1080-2-1024x659.webp\" media=\"(max-width: 1024px)\"><source srcset=\"https:\/\/www.campingchamplachevre.com\/wp-content\/uploads\/2025\/05\/949-hebergement-champ-chevre-ld-2024-037-1920x1080-2.webp\" media=\"(min-width: 1025px)\"><img decoding=\"async\" src=\"https:\/\/www.campingchamplachevre.com\/wp-content\/uploads\/2025\/05\/949-hebergement-champ-chevre-ld-2024-037-1920x1080-2-420x270.webp\" width=\"420\" height=\"210\" loading=\"lazy\" alt=\"\" title=\"\"><\/picture><\/figure><figure class=\"deco bottom left\"><picture><source srcset=\"https:\/\/www.campingchamplachevre.com\/wp-content\/uploads\/2025\/05\/tente-marron.webp\" media=\"(max-width: 210px)\"><source srcset=\"https:\/\/www.campingchamplachevre.com\/wp-content\/uploads\/2025\/05\/tente-marron.webp\" media=\"(max-width: 420px)\"><source srcset=\"https:\/\/www.campingchamplachevre.com\/wp-content\/uploads\/2025\/05\/tente-marron.webp\" media=\"(max-width: 850px)\"><source srcset=\"https:\/\/www.campingchamplachevre.com\/wp-content\/uploads\/2025\/05\/tente-marron.webp\" media=\"(max-width: 1024px)\"><source srcset=\"https:\/\/www.campingchamplachevre.com\/wp-content\/uploads\/2025\/05\/tente-marron.webp\" media=\"(min-width: 1025px)\"><img decoding=\"async\" src=\"https:\/\/www.campingchamplachevre.com\/wp-content\/uploads\/2025\/05\/tente-marron.webp\" width=\"420\" height=\"210\" loading=\"lazy\" alt=\"\" title=\"\"><\/picture><\/figure><\/div><div class=\"group align-full has-background has-fond-background-color\" style=\"background-color:var(--fond);\"><div class=\"columns\"><div class=\"columns__item\"><h2 style=\"color: var(--marron);\">Onze chalets en Premium stacaravans: comfort, natuur en authenticiteit in de regio Diois<\/h2><p    >Ontdek voor uw vakantie in de bergen onze eersteklas chalets met alle comfort en een prachtig uitzicht op de bergtoppen. Ontworpen voor 2 tot 8 personen. Al onze chalets zijn recent gebouwd van hout, met een groot overdekt terras uitgerust met tuinmeubelen en stoelen zodat u kunt genieten van de frisse lucht en de rust van de omgeving.  <\/p><div class=\"lireplus fc-mob\"><p    >Meer lezen<\/p><div class=\"group\"><p    >Binnen kun je genieten van een lichte woonkamer met tv, een volledig uitgeruste keuken en comfortabele slaapkamers met dekbedden en kussens. Elk chalet heeft een badkamer met douche en wastafel, en een apart toilet voor extra gemak. <\/p><div class=\"lireplus fc-desk\"><p    >Meer lezen<\/p><div class=\"group\"><p    >Voor uw comfort:<\/p><ul><li>Elektrische verwarming ;\n<\/li><li>Parkeergelegenheid op het terrein of zeer dichtbij;\n<\/li><li><a href=\"https:\/\/www.campingchamplachevre.com\/nl\/onze-vrienden-de-honden\/\" data-type=\"page\" data-id=\"223\">Huisdieren toegestaan<\/a> (met toeslag) ;\n<\/li><li>Kussens en dekbedden aanwezig (Lakens en dekbedovertrek verplicht, niet inbegrepen: zelf meenemen of als optie verkrijgbaar).\n<\/li><\/ul><p    ><\/p><\/div><\/div><div class=\"buttons\"><a href=\"https:\/\/www.campingchamplachevre.com\/wp-content\/uploads\/2024\/12\/inventaires.pdf\" rel=\"noreferrer noopener\" rel=\"noreferrer noopener\" target=\"_blank\" rel=\"noreferrer noopener\" rel=\"noreferrer noopener\" rel=\"noreferrer noopener\" rel=\"noreferrer noopener\" class=\"buttons__btn\">Lees de inventaris<\/a><a href=\"https:\/\/www.campingchamplachevre.com\/wp-content\/uploads\/2024\/12\/plan.pdf\" rel=\"noreferrer noopener\" rel=\"noreferrer noopener\" target=\"_blank\" rel=\"noreferrer noopener\" rel=\"noreferrer noopener\" rel=\"noreferrer noopener\" rel=\"noreferrer noopener\" class=\"buttons__btn\">Bekijk het plan<\/a><\/div><\/div><\/div><\/div><div class=\"columns__item\"><div class=\"gallery f-carousel fc-diapo\" data-fancybox=\"gallery\"><figure class=\"gallery__item\"><picture><source srcset=\"https:\/\/www.campingchamplachevre.com\/wp-content\/uploads\/2025\/05\/749-hebergement-duplex-ext-2-copie-1920x1080-1-420x315.webp\" media=\"(max-width: 210px)\"><source srcset=\"https:\/\/www.campingchamplachevre.com\/wp-content\/uploads\/2025\/05\/749-hebergement-duplex-ext-2-copie-1920x1080-1-850x638.webp\" media=\"(max-width: 420px)\"><source srcset=\"https:\/\/www.campingchamplachevre.com\/wp-content\/uploads\/2025\/05\/749-hebergement-duplex-ext-2-copie-1920x1080-1-768x576.webp\" media=\"(max-width: 850px)\"><source srcset=\"https:\/\/www.campingchamplachevre.com\/wp-content\/uploads\/2025\/05\/749-hebergement-duplex-ext-2-copie-1920x1080-1-1024x768.webp\" media=\"(max-width: 1024px)\"><source srcset=\"https:\/\/www.campingchamplachevre.com\/wp-content\/uploads\/2025\/05\/749-hebergement-duplex-ext-2-copie-1920x1080-1.webp\" media=\"(min-width: 1025px)\"><img decoding=\"async\" src=\"https:\/\/www.campingchamplachevre.com\/wp-content\/uploads\/2025\/05\/749-hebergement-duplex-ext-2-copie-1920x1080-1-420x315.webp\" width=\"420\" height=\"210\" loading=\"lazy\" alt=\"\" title=\"\"><\/picture><figcaption>Chalet duplex<\/figcaption><\/figure><figure class=\"gallery__item\"><picture><source srcset=\"https:\/\/www.campingchamplachevre.com\/wp-content\/uploads\/2025\/09\/champ-chevre-2024-029-420x273.webp\" media=\"(max-width: 210px)\"><source srcset=\"https:\/\/www.campingchamplachevre.com\/wp-content\/uploads\/2025\/09\/champ-chevre-2024-029-850x552.webp\" media=\"(max-width: 420px)\"><source srcset=\"https:\/\/www.campingchamplachevre.com\/wp-content\/uploads\/2025\/09\/champ-chevre-2024-029-768x499.webp\" media=\"(max-width: 850px)\"><source srcset=\"https:\/\/www.campingchamplachevre.com\/wp-content\/uploads\/2025\/09\/champ-chevre-2024-029-1024x665.webp\" media=\"(max-width: 1024px)\"><source srcset=\"https:\/\/www.campingchamplachevre.com\/wp-content\/uploads\/2025\/09\/champ-chevre-2024-029.webp\" media=\"(min-width: 1025px)\"><img decoding=\"async\" src=\"https:\/\/www.campingchamplachevre.com\/wp-content\/uploads\/2025\/09\/champ-chevre-2024-029-420x273.webp\" width=\"420\" height=\"210\" loading=\"lazy\" alt=\"\" title=\"\"><\/picture><figcaption>Chalet Charlay<\/figcaption><\/figure><figure class=\"gallery__item\"><picture><source srcset=\"https:\/\/www.campingchamplachevre.com\/wp-content\/uploads\/2025\/09\/champ-chevre-2024-028-420x280.webp\" media=\"(max-width: 210px)\"><source srcset=\"https:\/\/www.campingchamplachevre.com\/wp-content\/uploads\/2025\/09\/champ-chevre-2024-028-850x566.webp\" media=\"(max-width: 420px)\"><source srcset=\"https:\/\/www.campingchamplachevre.com\/wp-content\/uploads\/2025\/09\/champ-chevre-2024-028-768x511.webp\" media=\"(max-width: 850px)\"><source srcset=\"https:\/\/www.campingchamplachevre.com\/wp-content\/uploads\/2025\/09\/champ-chevre-2024-028-1024x682.webp\" media=\"(max-width: 1024px)\"><source srcset=\"https:\/\/www.campingchamplachevre.com\/wp-content\/uploads\/2025\/09\/champ-chevre-2024-028.webp\" media=\"(min-width: 1025px)\"><img decoding=\"async\" src=\"https:\/\/www.campingchamplachevre.com\/wp-content\/uploads\/2025\/09\/champ-chevre-2024-028-420x280.webp\" width=\"420\" height=\"210\" loading=\"lazy\" alt=\"\" title=\"\"><\/picture><figcaption>Chalet Alize<\/figcaption><\/figure><figure class=\"gallery__item\"><picture><source srcset=\"https:\/\/www.campingchamplachevre.com\/wp-content\/uploads\/2025\/09\/champ-chevre-2024-035-420x271.webp\" media=\"(max-width: 210px)\"><source srcset=\"https:\/\/www.campingchamplachevre.com\/wp-content\/uploads\/2025\/09\/champ-chevre-2024-035-850x549.webp\" media=\"(max-width: 420px)\"><source srcset=\"https:\/\/www.campingchamplachevre.com\/wp-content\/uploads\/2025\/09\/champ-chevre-2024-035-768x496.webp\" media=\"(max-width: 850px)\"><source srcset=\"https:\/\/www.campingchamplachevre.com\/wp-content\/uploads\/2025\/09\/champ-chevre-2024-035-1024x662.webp\" media=\"(max-width: 1024px)\"><source srcset=\"https:\/\/www.campingchamplachevre.com\/wp-content\/uploads\/2025\/09\/champ-chevre-2024-035.webp\" media=\"(min-width: 1025px)\"><img decoding=\"async\" src=\"https:\/\/www.campingchamplachevre.com\/wp-content\/uploads\/2025\/09\/champ-chevre-2024-035-420x271.webp\" width=\"420\" height=\"210\" loading=\"lazy\" alt=\"\" title=\"\"><\/picture><figcaption>Premium stacaravan<\/figcaption><\/figure><\/div><\/div><\/div><\/div><div class=\"group align-full has-background has-bleufond-background-color\" style=\"background-color:var(--bleufond);\"><p class=\"wording wording-left\" style=\"color: var(--bleu);\"  >Uitzonderlijke accommodatie<\/p><div class=\"columns reverse-mob\"><div class=\"columns__item galerie\"><div class=\"gallery col-2 f-carousel fc-diapo-mob\" data-fancybox=\"gallery-mob\"><figure class=\"gallery__item\"><picture><source srcset=\"https:\/\/www.campingchamplachevre.com\/wp-content\/uploads\/2025\/05\/483-galerie-champ-la-chevre-tente-1-420x280.webp\" media=\"(max-width: 210px)\"><source srcset=\"https:\/\/www.campingchamplachevre.com\/wp-content\/uploads\/2025\/05\/483-galerie-champ-la-chevre-tente-1-850x567.webp\" media=\"(max-width: 420px)\"><source srcset=\"https:\/\/www.campingchamplachevre.com\/wp-content\/uploads\/2025\/05\/483-galerie-champ-la-chevre-tente-1-768x512.webp\" media=\"(max-width: 850px)\"><source srcset=\"https:\/\/www.campingchamplachevre.com\/wp-content\/uploads\/2025\/05\/483-galerie-champ-la-chevre-tente-1-1024x683.webp\" media=\"(max-width: 1024px)\"><source srcset=\"https:\/\/www.campingchamplachevre.com\/wp-content\/uploads\/2025\/05\/483-galerie-champ-la-chevre-tente-1.webp\" media=\"(min-width: 1025px)\"><img decoding=\"async\" src=\"https:\/\/www.campingchamplachevre.com\/wp-content\/uploads\/2025\/05\/483-galerie-champ-la-chevre-tente-1-420x280.webp\" width=\"420\" height=\"210\" loading=\"lazy\" alt=\"\" title=\"\"><\/picture><figcaption>Comfort lodgetent<\/figcaption><\/figure><figure class=\"gallery__item\"><picture><source srcset=\"https:\/\/www.campingchamplachevre.com\/wp-content\/uploads\/2025\/09\/20230608_140306-e1758187697737-420x389.webp\" media=\"(max-width: 210px)\"><source srcset=\"https:\/\/www.campingchamplachevre.com\/wp-content\/uploads\/2025\/09\/20230608_140306-e1758187697737-850x787.webp\" media=\"(max-width: 420px)\"><source srcset=\"https:\/\/www.campingchamplachevre.com\/wp-content\/uploads\/2025\/09\/20230608_140306-e1758187697737-768x711.webp\" media=\"(max-width: 850px)\"><source srcset=\"https:\/\/www.campingchamplachevre.com\/wp-content\/uploads\/2025\/09\/20230608_140306-1024x682.webp\" media=\"(max-width: 1024px)\"><source srcset=\"https:\/\/www.campingchamplachevre.com\/wp-content\/uploads\/2025\/09\/20230608_140306-e1758187697737.webp\" media=\"(min-width: 1025px)\"><img decoding=\"async\" src=\"https:\/\/www.campingchamplachevre.com\/wp-content\/uploads\/2025\/09\/20230608_140306-e1758187697737-420x389.webp\" width=\"420\" height=\"210\" loading=\"lazy\" alt=\"\" title=\"\"><\/picture><figcaption>Huisje<\/figcaption><\/figure><\/div><\/div><div class=\"columns__item texte\"><h2 style=\"color: var(--bleu);\">Onze comfortabele accommodatie: stacaravan of lodgetent, ervaar de bergen op je eigen tempo<\/h2><p    >Onze Cottages Confort zijn recente, ruime, met hout beklede stacaravans met een groot halfoverdekt terras en een mooie groene zone rond elke accommodatie. Ze zijn geschikt voor maximaal 4 personen en hebben een lichte woonkamer met volledig uitgeruste keuken, twee comfortabele slaapkamers en een doucheruimte met douche en wastafel, plus een apart toilet. <\/p><div class=\"lireplus fc-mob\"><p    >Meer lezen<\/p><div class=\"group\"><p    >Onze Lodge Confort tenten bieden een warme en originele glamping ervaring. Ze zijn geschikt voor 5 personen en combineren een houten structuur en PVC-doek, met een halfschaduwrijk terras, een volledig uitgeruste woonkamer\/keuken, twee slaapkamers en een badkamer met douche, wastafel en WC. <\/p><div class=\"lireplus fc-desk\"><p    >Meer lezen<\/p><div class=\"group\"><p    >In al onze accommodaties kun je genieten van diensten die zijn ontworpen met jouw comfort in gedachten:<\/p><ul><li>Kussens en dekbedden aanwezig (Lakens en dekbedovertrek verplicht, niet inbegrepen: zelf meenemen of als optie verkrijgbaar) ;\n<\/li><li>Elektrische verwarming in de huisjes, geen verwarming in de tent lodges;\n<\/li><li>Parkeergelegenheid voor voertuigen op je eigen terrein of zeer dichtbij;\n<\/li><li>Deze accommodatie heeft geen televisie;\n<\/li><li><a href=\"https:\/\/www.campingchamplachevre.com\/nl\/onze-vrienden-de-honden\/\" data-type=\"page\" data-id=\"223\">Huisdieren toegestaan<\/a> (met toeslag).\n<\/li><\/ul><\/div><\/div><\/div><\/div><div class=\"buttons\"><a href=\"https:\/\/www.campingchamplachevre.com\/wp-content\/uploads\/2024\/12\/inventaires.pdf\" rel=\"noreferrer noopener\" rel=\"noreferrer noopener\" target=\"_blank\" rel=\"noreferrer noopener\" rel=\"noreferrer noopener\" rel=\"noreferrer noopener\" rel=\"noreferrer noopener\" class=\"buttons__btn is-style-resa\">Lees de inventaris<\/a><a href=\"https:\/\/www.campingchamplachevre.com\/wp-content\/uploads\/2024\/12\/plan.pdf\" rel=\"noreferrer noopener\" rel=\"noreferrer noopener\" target=\"_blank\" rel=\"noreferrer noopener\" rel=\"noreferrer noopener\" rel=\"noreferrer noopener\" rel=\"noreferrer noopener\" class=\"buttons__btn is-style-resa\">Bekijk het plan<\/a><\/div><\/div><\/div><\/div><div class=\"group align-full has-background has-vertfond-background-color\" style=\"background-color:var(--vertfond);\"><figure class=\"deco top left\"><picture><source srcset=\"https:\/\/www.campingchamplachevre.com\/wp-content\/uploads\/2025\/05\/sac-vert.webp\" media=\"(max-width: 210px)\"><source srcset=\"https:\/\/www.campingchamplachevre.com\/wp-content\/uploads\/2025\/05\/sac-vert.webp\" media=\"(max-width: 420px)\"><source srcset=\"https:\/\/www.campingchamplachevre.com\/wp-content\/uploads\/2025\/05\/sac-vert.webp\" media=\"(max-width: 850px)\"><source srcset=\"https:\/\/www.campingchamplachevre.com\/wp-content\/uploads\/2025\/05\/sac-vert.webp\" media=\"(max-width: 1024px)\"><source srcset=\"https:\/\/www.campingchamplachevre.com\/wp-content\/uploads\/2025\/05\/sac-vert.webp\" media=\"(min-width: 1025px)\"><img decoding=\"async\" src=\"https:\/\/www.campingchamplachevre.com\/wp-content\/uploads\/2025\/05\/sac-vert.webp\" width=\"420\" height=\"210\" loading=\"lazy\" alt=\"\" title=\"\"><\/picture><\/figure><div class=\"columns\"><div class=\"columns__item\"><h2 style=\"color: var(--vert);\">Ontdek onze budgetaccommodatie voor een gezellige, natuurlijke vakantie op Camping Champ la Ch\u00e8vre<\/h2><p    >Op zoek naar een comfortabele, natuurlijke vakantie voor een betaalbare prijs? Ontdek onze budgetaccommodaties op Camping Champ la Ch\u00e8vre: de Chalet M\u00e9l\u00e8ze voor 2 personen, gezellig en volledig uitgerust; de Coco Sweet, een ongewone glampingaccommodatie voor 4 personen; de Tente Rando Lodge in hout en canvas voor 5 personen, perfect voor een familieavontuur; en de Cabane Edelweiss voor 4 personen, warm en praktisch, zelfs met je viervoeter. <\/p><div class=\"lireplus fc-mob\"><p    >Meer lezen<\/p><div class=\"group\"><p    >Elke accommodatie heeft een kitchenette met koelkast, volledig beddengoed (lakens niet inbegrepen maar verplicht, optioneel bijgeleverd) en toegang tot gemeenschappelijke toiletten. Parkeren op het terrein. Ervaar het essenti\u00eble, midden in de natuur!  <\/p><\/div><\/div><div class=\"buttons\"><a href=\"https:\/\/www.campingchamplachevre.com\/wp-content\/uploads\/2024\/12\/inventaires.pdf\" rel=\"noreferrer noopener\" rel=\"noreferrer noopener\" target=\"_blank\" rel=\"noreferrer noopener\" rel=\"noreferrer noopener\" rel=\"noreferrer noopener\" rel=\"noreferrer noopener\" class=\"buttons__btn is-style-1\">Lees de inventaris<\/a><a href=\"https:\/\/www.campingchamplachevre.com\/wp-content\/uploads\/2024\/12\/plan.pdf\" rel=\"noreferrer noopener\" rel=\"noreferrer noopener\" target=\"_blank\" rel=\"noreferrer noopener\" rel=\"noreferrer noopener\" rel=\"noreferrer noopener\" rel=\"noreferrer noopener\" class=\"buttons__btn is-style-1\">Bekijk het plan<\/a><\/div><\/div><div class=\"columns__item\"><div class=\"gallery f-carousel fc-diapo\" data-fancybox=\"gallery\"><figure class=\"gallery__item\"><picture><source srcset=\"https:\/\/www.campingchamplachevre.com\/wp-content\/uploads\/2025\/05\/485-galerie-champ-la-chevre-cabane-420x280.webp\" media=\"(max-width: 210px)\"><source srcset=\"https:\/\/www.campingchamplachevre.com\/wp-content\/uploads\/2025\/05\/485-galerie-champ-la-chevre-cabane-850x567.webp\" media=\"(max-width: 420px)\"><source srcset=\"https:\/\/www.campingchamplachevre.com\/wp-content\/uploads\/2025\/05\/485-galerie-champ-la-chevre-cabane-768x512.webp\" media=\"(max-width: 850px)\"><source srcset=\"https:\/\/www.campingchamplachevre.com\/wp-content\/uploads\/2025\/05\/485-galerie-champ-la-chevre-cabane-1024x683.webp\" media=\"(max-width: 1024px)\"><source srcset=\"https:\/\/www.campingchamplachevre.com\/wp-content\/uploads\/2025\/05\/485-galerie-champ-la-chevre-cabane.webp\" media=\"(min-width: 1025px)\"><img decoding=\"async\" src=\"https:\/\/www.campingchamplachevre.com\/wp-content\/uploads\/2025\/05\/485-galerie-champ-la-chevre-cabane-420x280.webp\" width=\"420\" height=\"210\" loading=\"lazy\" alt=\"\" title=\"\"><\/picture><figcaption>Edelweiss hut en trekkershut<\/figcaption><\/figure><figure class=\"gallery__item\"><picture><source srcset=\"https:\/\/www.campingchamplachevre.com\/wp-content\/uploads\/2025\/06\/champ-chevre-2017-0017-420x363.webp\" media=\"(max-width: 210px)\"><source srcset=\"https:\/\/www.campingchamplachevre.com\/wp-content\/uploads\/2025\/06\/champ-chevre-2017-0017-850x735.webp\" media=\"(max-width: 420px)\"><source srcset=\"https:\/\/www.campingchamplachevre.com\/wp-content\/uploads\/2025\/06\/champ-chevre-2017-0017-768x664.webp\" media=\"(max-width: 850px)\"><source srcset=\"https:\/\/www.campingchamplachevre.com\/wp-content\/uploads\/2025\/06\/champ-chevre-2017-0017-1024x886.webp\" media=\"(max-width: 1024px)\"><source srcset=\"https:\/\/www.campingchamplachevre.com\/wp-content\/uploads\/2025\/06\/champ-chevre-2017-0017.webp\" media=\"(min-width: 1025px)\"><img decoding=\"async\" src=\"https:\/\/www.campingchamplachevre.com\/wp-content\/uploads\/2025\/06\/champ-chevre-2017-0017-420x363.webp\" width=\"420\" height=\"210\" loading=\"lazy\" alt=\"\" title=\"\"><\/picture><figcaption>Coco zoet<\/figcaption><\/figure><figure class=\"gallery__item\"><picture><source srcset=\"https:\/\/www.campingchamplachevre.com\/wp-content\/uploads\/2025\/09\/terrasse-2023-315x420.webp\" media=\"(max-width: 210px)\"><source srcset=\"https:\/\/www.campingchamplachevre.com\/wp-content\/uploads\/2025\/09\/terrasse-2023-638x850.webp\" media=\"(max-width: 420px)\"><source srcset=\"https:\/\/www.campingchamplachevre.com\/wp-content\/uploads\/2025\/09\/terrasse-2023.webp\" media=\"(max-width: 850px)\"><source srcset=\"https:\/\/www.campingchamplachevre.com\/wp-content\/uploads\/2025\/09\/terrasse-2023.webp\" media=\"(max-width: 1024px)\"><source srcset=\"https:\/\/www.campingchamplachevre.com\/wp-content\/uploads\/2025\/09\/terrasse-2023.webp\" media=\"(min-width: 1025px)\"><img decoding=\"async\" src=\"https:\/\/www.campingchamplachevre.com\/wp-content\/uploads\/2025\/09\/terrasse-2023-315x420.webp\" width=\"420\" height=\"210\" loading=\"lazy\" alt=\"\" title=\"\"><\/picture><figcaption>Lariks chalet<\/figcaption><\/figure><\/div><\/div><\/div><\/div>","protected":false},"excerpt":{"rendered":"<p>Jouw vakantiehuis in de Dr\u00f4me voor 100% plezier en natuur Camping Champ la Ch\u00e8vre is ideaal gelegen op het geklasseerde terrein Vallon de la Jarjatte en biedt kwaliteitsaccommodaties voor een onvergetelijke vakantie. Je kunt er genieten van de prachtige zon van de Dr\u00f4me en tegelijkertijd profiteren van de koelte die de hoogte van de Alpen [&hellip;]<\/p>\n","protected":false},"author":1,"featured_media":0,"parent":0,"menu_order":0,"comment_status":"open","ping_status":"open","template":"","meta":{"_acf_changed":false,"footnotes":""},"acf":[],"_links":{"self":[{"href":"https:\/\/www.campingchamplachevre.com\/nl\/wp-json\/wp\/v2\/pages\/23958"}],"collection":[{"href":"https:\/\/www.campingchamplachevre.com\/nl\/wp-json\/wp\/v2\/pages"}],"about":[{"href":"https:\/\/www.campingchamplachevre.com\/nl\/wp-json\/wp\/v2\/types\/page"}],"author":[{"embeddable":true,"href":"https:\/\/www.campingchamplachevre.com\/nl\/wp-json\/wp\/v2\/users\/1"}],"replies":[{"embeddable":true,"href":"https:\/\/www.campingchamplachevre.com\/nl\/wp-json\/wp\/v2\/comments?post=23958"}],"version-history":[{"count":1,"href":"https:\/\/www.campingchamplachevre.com\/nl\/wp-json\/wp\/v2\/pages\/23958\/revisions"}],"predecessor-version":[{"id":23961,"href":"https:\/\/www.campingchamplachevre.com\/nl\/wp-json\/wp\/v2\/pages\/23958\/revisions\/23961"}],"wp:attachment":[{"href":"https:\/\/www.campingchamplachevre.com\/nl\/wp-json\/wp\/v2\/media?parent=23958"}],"curies":[{"name":"wp","href":"https:\/\/api.w.org\/{rel}","templated":true}]}}